{"id":26,"date":"2024-04-25T15:10:00","date_gmt":"2024-04-25T15:10:00","guid":{"rendered":"http:\/\/www.altiyildizcam.com.tr\/?page_id=26"},"modified":"2024-07-16T13:30:14","modified_gmt":"2024-07-16T13:30:14","slug":"uretim-parkuru","status":"publish","type":"page","link":"http:\/\/www.altiyildizcam.com.tr\/?page_id=26","title":{"rendered":"\u00dcretim Parkuru"},"content":{"rendered":"\t\t<div data-elementor-type=\"wp-page\" data-elementor-id=\"26\" class=\"elementor elementor-26\" data-elementor-post-type=\"page\">\n\t\t\t\t<div class=\"elementor-element elementor-element-f96196a e-flex e-con-boxed e-con e-parent\" data-id=\"f96196a\" data-element_type=\"container\" data-e-type=\"container\">\n\t\t\t\t\t<div class=\"e-con-inner\">\n\t\t<div class=\"elementor-element elementor-element-de562e7 e-con-full e-flex e-con e-child\" data-id=\"de562e7\" data-element_type=\"container\" data-e-type=\"container\">\n\t\t\t\t<div class=\"elementor-element elementor-element-ccbd3f6 elementor-widget elementor-widget-text-editor\" data-id=\"ccbd3f6\" data-element_type=\"widget\" data-e-type=\"widget\" data-widget_type=\"text-editor.default\">\n\t\t\t\t<div class=\"elementor-widget-container\">\n\t\t\t\t\t\t\t\t\t<h3>Cam Kesim B\u00f6l\u00fcm\u00fc Nedir?<\/h3><p>Cam kesim b\u00f6l\u00fcm\u00fc, cam\u0131n istenilen \u00f6l\u00e7\u00fc ve \u015fekillerde kesilerek projelere uygun hale getirildi\u011fi bir aland\u0131r. Bu b\u00f6l\u00fcmde, \u00e7e\u015fitli cam t\u00fcrleri (d\u00fcz cam, temperli cam, lamine cam vb.) hassas kesim makineleri kullan\u0131larak i\u015flenir.<\/p><h3>\u00d6zellikleri ve Hizmetleri<\/h3><ul><li><strong>Hassas Kesim<\/strong>: Cam kesim makineleri, milimetrik hassasiyetle \u00e7al\u0131\u015farak cam\u0131n istenilen \u00f6l\u00e7\u00fclerde kesilmesini sa\u011flar.<\/li><li><strong>\u00c7e\u015fitli Kesim Teknikleri<\/strong>: D\u00fcz kesim, yuvarlak kesim, \u00f6zel \u015fekilli kesimler gibi farkl\u0131 teknikler uygulanabilir.<\/li><\/ul>\t\t\t\t\t\t\t\t<\/div>\n\t\t\t\t<\/div>\n\t\t\t\t<\/div>\n\t\t<div class=\"elementor-element elementor-element-113478e e-con-full e-flex e-con e-child\" data-id=\"113478e\" data-element_type=\"container\" data-e-type=\"container\">\n\t\t\t\t<div class=\"elementor-element elementor-element-6bd4551 elementor-widget elementor-widget-image\" data-id=\"6bd4551\" data-element_type=\"widget\" data-e-type=\"widget\" data-widget_type=\"image.default\">\n\t\t\t\t<div class=\"elementor-widget-container\">\n\t\t\t\t\t\t\t\t\t\t\t\t\t\t\t<img fetchpriority=\"high\" decoding=\"async\" width=\"300\" height=\"300\" src=\"http:\/\/www.altiyildizcam.com.tr\/wp-content\/uploads\/2024\/07\/8mm-clear-float-glass-300x300.jpg\" class=\"attachment-medium size-medium wp-image-279\" alt=\"\" srcset=\"http:\/\/www.altiyildizcam.com.tr\/wp-content\/uploads\/2024\/07\/8mm-clear-float-glass-300x300.jpg 300w, http:\/\/www.altiyildizcam.com.tr\/wp-content\/uploads\/2024\/07\/8mm-clear-float-glass-150x150.jpg 150w, http:\/\/www.altiyildizcam.com.tr\/wp-content\/uploads\/2024\/07\/8mm-clear-float-glass.jpg 480w\" sizes=\"(max-width: 300px) 100vw, 300px\" \/>\t\t\t\t\t\t\t\t\t\t\t\t\t\t\t<\/div>\n\t\t\t\t<\/div>\n\t\t\t\t<\/div>\n\t\t\t\t\t<\/div>\n\t\t\t\t<\/div>\n\t\t<div class=\"elementor-element elementor-element-ef2a44e e-flex e-con-boxed e-con e-parent\" data-id=\"ef2a44e\" data-element_type=\"container\" data-e-type=\"container\">\n\t\t\t\t\t<div class=\"e-con-inner\">\n\t\t\t\t<div class=\"elementor-element elementor-element-a7b375c elementor-widget-divider--view-line elementor-widget elementor-widget-divider\" data-id=\"a7b375c\" data-element_type=\"widget\" data-e-type=\"widget\" data-widget_type=\"divider.default\">\n\t\t\t\t<div class=\"elementor-widget-container\">\n\t\t\t\t\t\t\t<div class=\"elementor-divider\">\n\t\t\t<span class=\"elementor-divider-separator\">\n\t\t\t\t\t\t<\/span>\n\t\t<\/div>\n\t\t\t\t\t\t<\/div>\n\t\t\t\t<\/div>\n\t\t\t\t\t<\/div>\n\t\t\t\t<\/div>\n\t\t<div class=\"elementor-element elementor-element-7bbd580 e-flex e-con-boxed e-con e-parent\" data-id=\"7bbd580\" data-element_type=\"container\" data-e-type=\"container\">\n\t\t\t\t\t<div class=\"e-con-inner\">\n\t\t<div class=\"elementor-element elementor-element-d975a12 e-con-full e-flex e-con e-child\" data-id=\"d975a12\" data-element_type=\"container\" data-e-type=\"container\">\n\t\t\t\t<div class=\"elementor-element elementor-element-cd51e7f elementor-widget elementor-widget-text-editor\" data-id=\"cd51e7f\" data-element_type=\"widget\" data-e-type=\"widget\" data-widget_type=\"text-editor.default\">\n\t\t\t\t<div class=\"elementor-widget-container\">\n\t\t\t\t\t\t\t\t\t<h3>Cam \u0130\u015fleme B\u00f6l\u00fcm\u00fc Nedir?<\/h3><p>Cam i\u015fleme b\u00f6l\u00fcm\u00fc, cam\u0131n \u00e7e\u015fitli i\u015flemlerden ge\u00e7irilerek istenilen \u015fekil, boyut ve \u00f6zelliklere sahip hale getirildi\u011fi bir aland\u0131r. Bu b\u00f6l\u00fcmde, cam\u0131n kesilmesi, delme, kenar i\u015fleme, temperleme gibi i\u015flemler ger\u00e7ekle\u015ftirilir.<\/p><h3>\u00d6zellikleri ve Hizmetleri<\/h3><ul><li><strong>Kesim<\/strong>: Cam, hassas kesim makineleri kullan\u0131larak istenilen \u00f6l\u00e7\u00fclerde ve \u015fekillerde kesilir. Bu i\u015flem, cam\u0131n projelere uygun hale getirilmesini sa\u011flar.<\/li><li><strong>Delme<\/strong>: Cam \u00fczerinde \u00e7e\u015fitli boyutlarda delikler a\u00e7\u0131labilir. Bu, \u00f6zellikle montaj i\u015flemlerinde b\u00fcy\u00fck kolayl\u0131k sa\u011flar.<\/li><li><strong>Kenar \u0130\u015fleme<\/strong>: Kesilen camlar\u0131n kenarlar\u0131, p\u00fcr\u00fczs\u00fcz ve g\u00fcvenli hale getirilir. Bu i\u015flem, cam\u0131n kullan\u0131m \u00f6mr\u00fcn\u00fc uzat\u0131r ve estetik g\u00f6r\u00fcn\u00fcm kazand\u0131r\u0131r.<\/li><li><strong>Temperleme<\/strong>: Cam, \u0131s\u0131l i\u015flemden ge\u00e7irilerek daha dayan\u0131kl\u0131 hale getirilir. Temperli cam, k\u0131r\u0131ld\u0131\u011f\u0131nda k\u00fc\u00e7\u00fck ve keskin olmayan par\u00e7alara ayr\u0131l\u0131r, bu da g\u00fcvenli\u011fi art\u0131r\u0131r.<\/li><li><strong>Lamine Cam \u00dcretimi<\/strong>: \u0130ki veya daha fazla cam tabakas\u0131n\u0131n \u00f6zel bir film ile birle\u015ftirilmesiyle lamine cam \u00fcretilir. Bu cam t\u00fcr\u00fc, y\u00fcksek g\u00fcvenlik ve dayan\u0131kl\u0131l\u0131k sa\u011flar.<\/li><\/ul>\t\t\t\t\t\t\t\t<\/div>\n\t\t\t\t<\/div>\n\t\t\t\t<\/div>\n\t\t<div class=\"elementor-element elementor-element-5edd4a8 e-con-full e-flex e-con e-child\" data-id=\"5edd4a8\" data-element_type=\"container\" data-e-type=\"container\">\n\t\t\t\t<div class=\"elementor-element elementor-element-65d542a elementor-widget elementor-widget-image\" data-id=\"65d542a\" data-element_type=\"widget\" data-e-type=\"widget\" data-widget_type=\"image.default\">\n\t\t\t\t<div class=\"elementor-widget-container\">\n\t\t\t\t\t\t\t\t\t\t\t\t\t\t\t<img decoding=\"async\" width=\"300\" height=\"225\" src=\"http:\/\/www.altiyildizcam.com.tr\/wp-content\/uploads\/2024\/07\/28122016153632_PRATICA_GLP_CNC_gallery_3-300x225.png\" class=\"attachment-medium size-medium wp-image-285\" alt=\"\" srcset=\"http:\/\/www.altiyildizcam.com.tr\/wp-content\/uploads\/2024\/07\/28122016153632_PRATICA_GLP_CNC_gallery_3-300x225.png 300w, http:\/\/www.altiyildizcam.com.tr\/wp-content\/uploads\/2024\/07\/28122016153632_PRATICA_GLP_CNC_gallery_3-768x576.png 768w, http:\/\/www.altiyildizcam.com.tr\/wp-content\/uploads\/2024\/07\/28122016153632_PRATICA_GLP_CNC_gallery_3.png 1024w\" sizes=\"(max-width: 300px) 100vw, 300px\" \/>\t\t\t\t\t\t\t\t\t\t\t\t\t\t\t<\/div>\n\t\t\t\t<\/div>\n\t\t\t\t<\/div>\n\t\t\t\t\t<\/div>\n\t\t\t\t<\/div>\n\t\t<div class=\"elementor-element elementor-element-0081b3f e-flex e-con-boxed e-con e-parent\" data-id=\"0081b3f\" data-element_type=\"container\" data-e-type=\"container\">\n\t\t\t\t\t<div class=\"e-con-inner\">\n\t\t\t\t<div class=\"elementor-element elementor-element-35a86ec elementor-widget-divider--view-line elementor-widget elementor-widget-divider\" data-id=\"35a86ec\" data-element_type=\"widget\" data-e-type=\"widget\" data-widget_type=\"divider.default\">\n\t\t\t\t<div class=\"elementor-widget-container\">\n\t\t\t\t\t\t\t<div class=\"elementor-divider\">\n\t\t\t<span class=\"elementor-divider-separator\">\n\t\t\t\t\t\t<\/span>\n\t\t<\/div>\n\t\t\t\t\t\t<\/div>\n\t\t\t\t<\/div>\n\t\t\t\t\t<\/div>\n\t\t\t\t<\/div>\n\t\t<div class=\"elementor-element elementor-element-be23c9d e-flex e-con-boxed e-con e-parent\" data-id=\"be23c9d\" data-element_type=\"container\" data-e-type=\"container\">\n\t\t\t\t\t<div class=\"e-con-inner\">\n\t\t<div class=\"elementor-element elementor-element-a1d2607 e-con-full e-flex e-con e-child\" data-id=\"a1d2607\" data-element_type=\"container\" data-e-type=\"container\">\n\t\t\t\t<div class=\"elementor-element elementor-element-e4c2a84 elementor-widget elementor-widget-text-editor\" data-id=\"e4c2a84\" data-element_type=\"widget\" data-e-type=\"widget\" data-widget_type=\"text-editor.default\">\n\t\t\t\t<div class=\"elementor-widget-container\">\n\t\t\t\t\t\t\t\t\t<h3>Alt\u0131y\u0131ld\u0131z Cam: \u00c7ift Cam \u00dcretim ve Is\u0131cam Yetkili \u00dcreticisi<\/h3><p>Alt\u0131y\u0131ld\u0131z Cam, y\u00fcksek kaliteli \u00e7ift cam \u00fcretimi konusunda uzmanla\u015fm\u0131\u015f bir firmad\u0131r. Ayn\u0131 zamanda, \u015ei\u015fecam\u2019\u0131n Is\u0131cam markas\u0131n\u0131n yetkili \u00fcreticisi olarak, enerji tasarrufu sa\u011flayan ve \u0131s\u0131 yal\u0131t\u0131m\u0131 sunan cam \u00e7\u00f6z\u00fcmleri sunmaktad\u0131r.<\/p><h4>\u00c7ift Cam \u00dcretimi<\/h4><p>Alt\u0131y\u0131ld\u0131z Cam, modern \u00fcretim tesislerinde, en son teknoloji kullanarak \u00e7ift cam \u00fcretimi yapmaktad\u0131r. \u00c7ift cam, iki cam tabakas\u0131 aras\u0131na yerle\u015ftirilen hava veya gaz dolu bir bo\u015fluk ile \u0131s\u0131 yal\u0131t\u0131m\u0131 sa\u011flar. Bu \u00f6zellik, enerji verimlili\u011fini art\u0131r\u0131r ve \u0131s\u0131 kay\u0131plar\u0131n\u0131 azalt\u0131r.<\/p><h4>Is\u0131cam Yetkili \u00dcreticisi<\/h4><p>Alt\u0131y\u0131ld\u0131z Cam, \u015ei\u015fecam\u2019\u0131n Is\u0131cam markas\u0131n\u0131n yetkili \u00fcreticisi olarak, y\u00fcksek standartlarda \u0131s\u0131 yal\u0131t\u0131ml\u0131 cam \u00fcretimi yapmaktad\u0131r.\u00a0Is\u0131cam, \u0131s\u0131 kay\u0131plar\u0131n\u0131 %50 oran\u0131nda azaltarak, hem k\u0131\u015f\u0131n \u0131s\u0131nma hem de yaz\u0131n so\u011futma maliyetlerini d\u00fc\u015f\u00fcr\u00fcr.<\/p><h4>Avantajlar<\/h4><ul><li><strong>Enerji Tasarrufu<\/strong>: Is\u0131cam, enerji verimlili\u011fini art\u0131rarak, yak\u0131t ve elektrik maliyetlerini d\u00fc\u015f\u00fcr\u00fcr.<\/li><li><strong>Konfor<\/strong>: Is\u0131cam, i\u00e7 mekanlarda daha dengeli bir s\u0131cakl\u0131k sa\u011flar, b\u00f6ylece ya\u015fam alanlar\u0131nda konforu art\u0131r\u0131r.<\/li><li><strong>\u00c7evre Dostu<\/strong>: Enerji tasarrufu sa\u011flayarak, karbon ayak izini azalt\u0131r ve \u00e7evreye katk\u0131da bulunur.<\/li><\/ul>\t\t\t\t\t\t\t\t<\/div>\n\t\t\t\t<\/div>\n\t\t\t\t<\/div>\n\t\t<div class=\"elementor-element elementor-element-b88fddf e-con-full e-flex e-con e-child\" data-id=\"b88fddf\" data-element_type=\"container\" data-e-type=\"container\">\n\t\t\t\t<div class=\"elementor-element elementor-element-89fb326 elementor-widget elementor-widget-image\" data-id=\"89fb326\" data-element_type=\"widget\" data-e-type=\"widget\" data-widget_type=\"image.default\">\n\t\t\t\t<div class=\"elementor-widget-container\">\n\t\t\t\t\t\t\t\t\t\t\t\t\t\t\t<img decoding=\"async\" width=\"278\" height=\"300\" src=\"http:\/\/www.altiyildizcam.com.tr\/wp-content\/uploads\/2024\/04\/Adsiz-tasarim59-278x300.png\" class=\"attachment-medium size-medium wp-image-149\" alt=\"\" srcset=\"http:\/\/www.altiyildizcam.com.tr\/wp-content\/uploads\/2024\/04\/Adsiz-tasarim59-278x300.png 278w, http:\/\/www.altiyildizcam.com.tr\/wp-content\/uploads\/2024\/04\/Adsiz-tasarim59.png 303w\" sizes=\"(max-width: 278px) 100vw, 278px\" \/>\t\t\t\t\t\t\t\t\t\t\t\t\t\t\t<\/div>\n\t\t\t\t<\/div>\n\t\t\t\t<\/div>\n\t\t\t\t\t<\/div>\n\t\t\t\t<\/div>\n\t\t<div class=\"elementor-element elementor-element-cdb543f e-flex e-con-boxed e-con e-parent\" data-id=\"cdb543f\" data-element_type=\"container\" data-e-type=\"container\">\n\t\t\t\t\t<div class=\"e-con-inner\">\n\t\t\t\t<div class=\"elementor-element elementor-element-6e0fbb5 elementor-widget-divider--view-line elementor-widget elementor-widget-divider\" data-id=\"6e0fbb5\" data-element_type=\"widget\" data-e-type=\"widget\" data-widget_type=\"divider.default\">\n\t\t\t\t<div class=\"elementor-widget-container\">\n\t\t\t\t\t\t\t<div class=\"elementor-divider\">\n\t\t\t<span class=\"elementor-divider-separator\">\n\t\t\t\t\t\t<\/span>\n\t\t<\/div>\n\t\t\t\t\t\t<\/div>\n\t\t\t\t<\/div>\n\t\t\t\t\t<\/div>\n\t\t\t\t<\/div>\n\t\t<div class=\"elementor-element elementor-element-a96f218 e-flex e-con-boxed e-con e-parent\" data-id=\"a96f218\" data-element_type=\"container\" data-e-type=\"container\">\n\t\t\t\t\t<div class=\"e-con-inner\">\n\t\t<div class=\"elementor-element elementor-element-337f3b4 e-con-full e-flex e-con e-child\" data-id=\"337f3b4\" data-element_type=\"container\" data-e-type=\"container\">\n\t\t\t\t<div class=\"elementor-element elementor-element-c1e6050 elementor-widget elementor-widget-text-editor\" data-id=\"c1e6050\" data-element_type=\"widget\" data-e-type=\"widget\" data-widget_type=\"text-editor.default\">\n\t\t\t\t<div class=\"elementor-widget-container\">\n\t\t\t\t\t\t\t\t\t<h3>Alt\u0131y\u0131ld\u0131z Cam: Temper B\u00f6l\u00fcm\u00fc<\/h3><p>Alt\u0131y\u0131ld\u0131z Cam, modern ve ileri teknolojiye sahip temperleme tesisleri ile y\u00fcksek kaliteli temperli cam \u00fcretimi yapmaktad\u0131r. Temperleme i\u015flemi, cam\u0131n dayan\u0131kl\u0131l\u0131\u011f\u0131n\u0131 art\u0131rmak ve g\u00fcvenli kullan\u0131m sa\u011flamak amac\u0131yla uygulan\u0131r.<\/p><h4>Temperleme \u0130\u015flemi<\/h4><p>Temperleme i\u015flemi, cam\u0131n 600\u00b0C-700\u00b0C aras\u0131nda \u0131s\u0131t\u0131lmas\u0131 ve ard\u0131ndan h\u0131zla so\u011futulmas\u0131 ile ger\u00e7ekle\u015ftirilir. Bu i\u015flem, cam\u0131n i\u00e7 yap\u0131s\u0131nda gerilim olu\u015fturarak, k\u0131r\u0131lma durumunda k\u00fc\u00e7\u00fck ve keskin olmayan par\u00e7alara ayr\u0131lmas\u0131n\u0131 sa\u011flar. Bu \u00f6zellik, temperli cam\u0131 g\u00fcvenli ve dayan\u0131kl\u0131 hale getirir.<\/p><h4>\u00d6zellikleri ve Hizmetleri<\/h4><ul><li><strong>Y\u00fcksek Dayan\u0131kl\u0131l\u0131k<\/strong>: Temperli cam, normal camdan be\u015f kat daha dayan\u0131kl\u0131d\u0131r. Bu, \u00f6zellikle g\u00fcvenlik gerektiren alanlarda tercih edilmesini sa\u011flar.<\/li><li><strong>G\u00fcvenlik<\/strong>: K\u0131r\u0131ld\u0131\u011f\u0131nda, temperli cam k\u00fc\u00e7\u00fck, keskin olmayan par\u00e7alara ayr\u0131l\u0131r. Bu, yaralanma riskini azalt\u0131r.<\/li><li><strong>Is\u0131 Direnci<\/strong>: Y\u00fcksek \u0131s\u0131ya dayan\u0131kl\u0131d\u0131r ve ani \u0131s\u0131 de\u011fi\u015fimlerinden etkilenmez.<\/li><li><strong>Estetik<\/strong>: \u015eeffaf ve parlak y\u00fczeyi, modern ve \u015f\u0131k bir g\u00f6r\u00fcn\u00fcm sunar.<\/li><\/ul><p>.<\/p>\t\t\t\t\t\t\t\t<\/div>\n\t\t\t\t<\/div>\n\t\t\t\t<\/div>\n\t\t<div class=\"elementor-element elementor-element-4d3cee4 e-con-full e-flex e-con e-child\" data-id=\"4d3cee4\" data-element_type=\"container\" data-e-type=\"container\">\n\t\t\t\t<div class=\"elementor-element elementor-element-b9f7ac3 elementor-widget elementor-widget-image\" data-id=\"b9f7ac3\" data-element_type=\"widget\" data-e-type=\"widget\" data-widget_type=\"image.default\">\n\t\t\t\t<div class=\"elementor-widget-container\">\n\t\t\t\t\t\t\t\t\t\t\t\t\t\t\t<img loading=\"lazy\" decoding=\"async\" width=\"300\" height=\"225\" src=\"http:\/\/www.altiyildizcam.com.tr\/wp-content\/uploads\/2024\/07\/hqdefault-300x225.jpg\" class=\"attachment-medium size-medium wp-image-300\" alt=\"\" srcset=\"http:\/\/www.altiyildizcam.com.tr\/wp-content\/uploads\/2024\/07\/hqdefault-300x225.jpg 300w, http:\/\/www.altiyildizcam.com.tr\/wp-content\/uploads\/2024\/07\/hqdefault.jpg 480w\" sizes=\"(max-width: 300px) 100vw, 300px\" \/>\t\t\t\t\t\t\t\t\t\t\t\t\t\t\t<\/div>\n\t\t\t\t<\/div>\n\t\t\t\t<\/div>\n\t\t\t\t\t<\/div>\n\t\t\t\t<\/div>\n\t\t\t\t<\/div>\n\t\t","protected":false},"excerpt":{"rendered":"<p>Cam Kesim B\u00f6l\u00fcm\u00fc Nedir? Cam kesim b\u00f6l\u00fcm\u00fc, cam\u0131n istenilen \u00f6l\u00e7\u00fc ve \u015fekillerde kesilerek projelere uygun hale getirildi\u011fi bir aland\u0131r. Bu b\u00f6l\u00fcmde, \u00e7e\u015fitli cam t\u00fcrleri (d\u00fcz cam, temperli cam, lamine cam vb.) hassas kesim makineleri kullan\u0131larak i\u015flenir. \u00d6zellikleri ve Hizmetleri Hassas Kesim: Cam kesim makineleri, milimetrik hassasiyetle \u00e7al\u0131\u015farak cam\u0131n istenilen \u00f6l\u00e7\u00fclerde kesilmesini sa\u011flar. \u00c7e\u015fitli Kesim Teknikleri: [&hellip;]<\/p>\n","protected":false},"author":1,"featured_media":0,"parent":0,"menu_order":0,"comment_status":"closed","ping_status":"closed","template":"","meta":{"footnotes":""},"class_list":["post-26","page","type-page","status-publish","hentry"],"_links":{"self":[{"href":"http:\/\/www.altiyildizcam.com.tr\/index.php?rest_route=\/wp\/v2\/pages\/26","targetHints":{"allow":["GET"]}}],"collection":[{"href":"http:\/\/www.altiyildizcam.com.tr\/index.php?rest_route=\/wp\/v2\/pages"}],"about":[{"href":"http:\/\/www.altiyildizcam.com.tr\/index.php?rest_route=\/wp\/v2\/types\/page"}],"author":[{"embeddable":true,"href":"http:\/\/www.altiyildizcam.com.tr\/index.php?rest_route=\/wp\/v2\/users\/1"}],"replies":[{"embeddable":true,"href":"http:\/\/www.altiyildizcam.com.tr\/index.php?rest_route=%2Fwp%2Fv2%2Fcomments&post=26"}],"version-history":[{"count":22,"href":"http:\/\/www.altiyildizcam.com.tr\/index.php?rest_route=\/wp\/v2\/pages\/26\/revisions"}],"predecessor-version":[{"id":306,"href":"http:\/\/www.altiyildizcam.com.tr\/index.php?rest_route=\/wp\/v2\/pages\/26\/revisions\/306"}],"wp:attachment":[{"href":"http:\/\/www.altiyildizcam.com.tr\/index.php?rest_route=%2Fwp%2Fv2%2Fmedia&parent=26"}],"curies":[{"name":"wp","href":"https:\/\/api.w.org\/{rel}","templated":true}]}}